{"id":8243,"date":"2019-09-19T17:05:48","date_gmt":"2019-09-19T17:05:48","guid":{"rendered":"https:\/\/abegoaria.pt\/produto\/piteira-talha-tinto\/"},"modified":"2019-11-28T23:41:24","modified_gmt":"2019-11-28T23:41:24","slug":"piteira-talha-tinto","status":"publish","type":"product","link":"https:\/\/abegoaria.pt\/en\/produto\/piteira-talha-tinto\/","title":{"rendered":"Piteira Talha Tinto"},"content":{"rendered":"<p>[vc_row][vc_column][vc_column_text]<img decoding=\"async\" class=\"svg alignnone wp-image-1678 size-full\" src=\"https:\/\/abegoaria.pt\/wp-content\/uploads\/2019\/08\/wines-glass.svg\" alt=\"\" width=\"24px\" height=\"24px\" \/><\/p>\n<h3>Caracter\u00edsticas do Vinho<\/h3>\n<table>\n<tbody>\n<tr>\n<td>Ano<\/td>\n<td>2017<\/td>\n<\/tr>\n<tr>\n<td>Estilo<\/td>\n<td>Vinho Tranquilo<\/td>\n<\/tr>\n<tr>\n<td>Regi\u00e3o<\/td>\n<td>Alentejo<\/td>\n<\/tr>\n<tr>\n<td>Categoria<\/td>\n<td>DOC Alentejo &#8211; Granja Amareleja<\/td>\n<\/tr>\n<tr>\n<td>Castas<\/td>\n<td>Moreto<\/td>\n<\/tr>\n<tr>\n<td>Cor<\/td>\n<td>Rubi Escuro<\/td>\n<\/tr>\n<tr>\n<td>Engarrafamento<\/td>\n<td><\/td>\n<\/tr>\n<tr>\n<td>Longevidade<\/td>\n<td>8 anos<\/td>\n<\/tr>\n<tr>\n<td>\u00c1lcool (%VOL)<\/td>\n<td>14<\/td>\n<\/tr>\n<\/tbody>\n<\/table>\n<p>[\/vc_column_text][\/vc_column][\/vc_row][vc_row][vc_column][vc_column_text]<img loading=\"lazy\" decoding=\"async\" class=\"svg alignnone wp-image-1676 size-full\" src=\"https:\/\/abegoaria.pt\/wp-content\/uploads\/2019\/08\/keg.svg\" alt=\"\" width=\"24\" height=\"24\" \/><\/p>\n<h3>Vinifica\u00e7\u00e3o e Est\u00e1gio<\/h3>\n<p>Esmagamento em ripan\u00e7o. Fermenta\u00e7\u00e3o em talha de barro de 2.000L, mantendo-se na presen\u00e7a das m\u00e3es at\u00e9 Novembro.[\/vc_column_text][\/vc_column][\/vc_row][vc_row][vc_column][vc_column_text]<img decoding=\"async\" class=\"svg alignnone wp-image-1679 size-full\" src=\"https:\/\/abegoaria.pt\/wp-content\/uploads\/2019\/08\/book-i.svg\" alt=\"\" width=\"24px\" height=\"24px\" \/><\/p>\n<h3>Notas de Prova e Harmoniza\u00e7\u00e3o<\/h3>\n<p>Este vinho, de cor rubi escuro, apresenta-se de aroma a frutos vermelhos, cacau e compota de fruta preta e na boca revela boa acidez e taninos proeminentes.[\/vc_column_text][\/vc_column][\/vc_row]<\/p>\n","protected":false},"excerpt":{"rendered":"<p>Feito segundo o processo de vinifica\u00e7\u00e3o das villae romanas, com dois mil anos de tradi\u00e7\u00e3o no Alentejo. Nalgumas vilas e aldeias \u00e9 muito apreciado e sabore\u00e1-lo \u00e9 um acto de cultura que ajudar\u00e1 a preserv\u00e1-lo para as gera\u00e7\u00f5es futuras. Uma verdadeira heran\u00e7a deixada pelos romanos, que voltou a despertar o entusiasmo internacional.<\/p>\n","protected":false},"featured_media":6552,"comment_status":"closed","ping_status":"closed","template":"","meta":[],"class_list":["post-8243","product","type-product","status-publish","has-post-thumbnail","hentry","product_cat-alentejo-9","product_cat-amareleza-en","product_cat-piteira-en","product_cat-tinto-en","product_tag-vinho-tinto-5","pa_ano-2017-en","pa_ptcap-da-garrafa-750-ml-en","pa_ptcategoria-1-doc-alentejo-en","pa_ptcategoria-2-vinho-de-talha-en","pa_ptintensidade-encorpado-volumoso-e-temperamental-en","pa_pttipo-de-vinho-vinho-tinto-en"],"_links":{"self":[{"href":"https:\/\/abegoaria.pt\/en\/wp-json\/wp\/v2\/product\/8243","targetHints":{"allow":["GET"]}}],"collection":[{"href":"https:\/\/abegoaria.pt\/en\/wp-json\/wp\/v2\/product"}],"about":[{"href":"https:\/\/abegoaria.pt\/en\/wp-json\/wp\/v2\/types\/product"}],"replies":[{"embeddable":true,"href":"https:\/\/abegoaria.pt\/en\/wp-json\/wp\/v2\/comments?post=8243"}],"wp:featuredmedia":[{"embeddable":true,"href":"https:\/\/abegoaria.pt\/en\/wp-json\/wp\/v2\/media\/6552"}],"wp:attachment":[{"href":"https:\/\/abegoaria.pt\/en\/wp-json\/wp\/v2\/media?parent=8243"}],"curies":[{"name":"wp","href":"https:\/\/api.w.org\/{rel}","templated":true}]}}