{"id":8253,"date":"2019-09-18T08:52:48","date_gmt":"2019-09-18T08:52:48","guid":{"rendered":"https:\/\/abegoaria.pt\/produto\/descobre-douro-moscatel\/"},"modified":"2019-11-28T23:47:57","modified_gmt":"2019-11-28T23:47:57","slug":"descobre-douro-moscatel","status":"publish","type":"product","link":"https:\/\/abegoaria.pt\/en\/produto\/descobre-douro-moscatel\/","title":{"rendered":"Descobre Douro Moscatel"},"content":{"rendered":"<p>[vc_row][vc_column][vc_column_text]<img decoding=\"async\" class=\"svg alignnone wp-image-1678 size-full\" src=\"https:\/\/abegoaria.pt\/wp-content\/uploads\/2019\/08\/wines-glass.svg\" alt=\"\" width=\"24px\" height=\"24px\" \/><\/p>\n<h3>Caracter\u00edsticas do Vinho<\/h3>\n<table>\n<tbody>\n<tr>\n<td>Ano<\/td>\n<td>2016<\/td>\n<\/tr>\n<tr>\n<td>Estilo<\/td>\n<td>Moscatel<\/td>\n<\/tr>\n<tr>\n<td>Regi\u00e3o<\/td>\n<td>Douro<\/td>\n<\/tr>\n<tr>\n<td>Categoria<\/td>\n<td>DOC Douro<\/td>\n<\/tr>\n<tr>\n<td>Castas<\/td>\n<td>Moscatel Galego Branco<\/td>\n<\/tr>\n<tr>\n<td>Cor<\/td>\n<td>Dourada<\/td>\n<\/tr>\n<tr>\n<td>Engarrafamento<\/td>\n<td><\/td>\n<\/tr>\n<tr>\n<td>Longevidade<\/td>\n<td>10 anos<\/td>\n<\/tr>\n<tr>\n<td>\u00c1lcool (%VOL)<\/td>\n<td>17<\/td>\n<\/tr>\n<\/tbody>\n<\/table>\n<p>[\/vc_column_text][\/vc_column][\/vc_row][vc_row][vc_column][vc_column_text]<img loading=\"lazy\" decoding=\"async\" class=\"svg alignnone wp-image-1676 size-full\" src=\"https:\/\/abegoaria.pt\/wp-content\/uploads\/2019\/08\/keg.svg\" alt=\"\" width=\"24\" height=\"24\" \/><\/p>\n<h3>Vinifica\u00e7\u00e3o e Est\u00e1gio<\/h3>\n<p>A fermenta\u00e7\u00e3o alco\u00f3lica decorre em cubas auto-vinificadoras com controlo de temperatura (20 a 25\u00baC) e ligeira macera\u00e7\u00e3o (1 a 2 dias) para extrac\u00e7\u00e3o dos aromas de casta. A fermenta\u00e7\u00e3o conclui-se depois em cubas inox, j\u00e1 sem as massas (18 a 20\u00baC) at\u00e9 a adi\u00e7\u00e3o da aguardente. O est\u00e1gio de envelhecimento \u00e9 feito parcialmente em pipas de carvalho 1 a 2 anos.[\/vc_column_text][\/vc_column][\/vc_row][vc_row][vc_column][vc_column_text]<img decoding=\"async\" class=\"svg alignnone wp-image-1679 size-full\" src=\"https:\/\/abegoaria.pt\/wp-content\/uploads\/2019\/08\/book-i.svg\" alt=\"\" width=\"24px\" height=\"24px\" \/><\/p>\n<h3>Notas de Prova e Harmoniza\u00e7\u00e3o<\/h3>\n<p>Vinho de cor dourada, apresentando um aroma floral t\u00edpico da casta, casca laranja e um ligeiro toque de mel, resultando num conjunto delicado. Na boca, apresenta uma textura leve e fresca, terminando doce, suave e equilibrado. Servir fresco (10 a 12\u00baC). \u00c9 um \u00f3ptimo acompanhante de sobremesas, como aperitivo, ou simplesmente como companhia em momentos de lazer.[\/vc_column_text][\/vc_column][\/vc_row]<\/p>\n","protected":false},"excerpt":{"rendered":"<p>\u00c9 um vinho \u00fanico, produzido exclusivamente da casta Moscatel Galego Branco, que no Planalto de Alij\u00f3 tem condi\u00e7\u00f5es \u00fanicas de produ\u00e7\u00e3o, \u00e9 um vinho incompar\u00e1vel, de grande riqueza e intensidade, com o genu\u00edno sabor de um dos melhores vinhos produzidos na regi\u00e3o do Douro.<\/p>\n","protected":false},"featured_media":6533,"comment_status":"closed","ping_status":"closed","template":"","meta":[],"class_list":["post-8253","product","type-product","status-publish","has-post-thumbnail","hentry","product_cat-adega-de-alijo-en","product_cat-descobre-2","product_cat-douro-3","product_cat-moscatel-en","product_tag-moscatel-5","pa_ptcap-da-garrafa-750-ml-en","pa_ptcategoria-1-doc-douro-3","pa_ptcategoria-2-moscatel-6","pa_pttipo-de-vinho-moscatel-7"],"_links":{"self":[{"href":"https:\/\/abegoaria.pt\/en\/wp-json\/wp\/v2\/product\/8253","targetHints":{"allow":["GET"]}}],"collection":[{"href":"https:\/\/abegoaria.pt\/en\/wp-json\/wp\/v2\/product"}],"about":[{"href":"https:\/\/abegoaria.pt\/en\/wp-json\/wp\/v2\/types\/product"}],"replies":[{"embeddable":true,"href":"https:\/\/abegoaria.pt\/en\/wp-json\/wp\/v2\/comments?post=8253"}],"wp:featuredmedia":[{"embeddable":true,"href":"https:\/\/abegoaria.pt\/en\/wp-json\/wp\/v2\/media\/6533"}],"wp:attachment":[{"href":"https:\/\/abegoaria.pt\/en\/wp-json\/wp\/v2\/media?parent=8253"}],"curies":[{"name":"wp","href":"https:\/\/api.w.org\/{rel}","templated":true}]}}