{"id":8288,"date":"2019-09-10T09:31:52","date_gmt":"2019-09-10T09:31:52","guid":{"rendered":"https:\/\/abegoaria.pt\/produto\/vinha-maria-ana-branco\/"},"modified":"2019-11-29T00:20:18","modified_gmt":"2019-11-29T00:20:18","slug":"vinha-maria-ana-branco","status":"publish","type":"product","link":"https:\/\/abegoaria.pt\/en\/produto\/vinha-maria-ana-branco\/","title":{"rendered":"VINHA MARIA ANA BRANCO"},"content":{"rendered":"<p>[vc_row][vc_column][vc_column_text]<img decoding=\"async\" class=\"svg alignnone wp-image-1678 size-full\" src=\"https:\/\/abegoaria.pt\/wp-content\/uploads\/2019\/08\/wines-glass.svg\" alt=\"\" width=\"24px\" height=\"24px\" \/><\/p>\n<h3>Caracter\u00edsticas do Vinho<\/h3>\n<table>\n<tbody>\n<tr>\n<td>Ano<\/td>\n<td>2018<\/td>\n<\/tr>\n<tr>\n<td>Estilo<\/td>\n<td>VINHO TRANQUILO<\/td>\n<\/tr>\n<tr>\n<td>Regi\u00e3o<\/td>\n<td>ALENTEJO<\/td>\n<\/tr>\n<tr>\n<td>Categoria<\/td>\n<td>VINHO REGIONAL ALENTEJANO<\/td>\n<\/tr>\n<tr>\n<td>Castas<\/td>\n<td>ANT\u00c3O VAZ, ARINTO E PERRUM<\/td>\n<\/tr>\n<tr>\n<td>Cor<\/td>\n<td>COR INTENSA<\/td>\n<\/tr>\n<tr>\n<td>\u00c1lcool (%VOL)<\/td>\n<td>13<\/td>\n<\/tr>\n<\/tbody>\n<\/table>\n<p>[\/vc_column_text][\/vc_column][\/vc_row][vc_row][vc_column][vc_column_text]<img decoding=\"async\" class=\"svg alignnone wp-image-1679 size-full\" src=\"https:\/\/abegoaria.pt\/wp-content\/uploads\/2019\/08\/book-i.svg\" alt=\"\" width=\"24px\" height=\"24px\" \/><\/p>\n<h3>Notas de Prova e Harmoniza\u00e7\u00e3o<\/h3>\n<p>Cor intensa e aroma com notas c\u00edtricas e algum mineral. Na boca \u00e9 extremamente frutadocom grande intensidade e equil\u00edbrio. Consumir entre 10oC-12oC.[\/vc_column_text][\/vc_column][\/vc_row]<\/p>\n","protected":false},"excerpt":{"rendered":"<p>Proveniente da t\u00edpica regi\u00e3o alentejana, \u00fanica esingular na sua tradi\u00e7\u00e3o vin\u00edcola, criou-se este VinhaMaria Ana de cor intensa e aroma com notas c\u00edtricase algum mineral.<\/p>\n","protected":false},"featured_media":6367,"comment_status":"closed","ping_status":"closed","template":"","meta":[],"class_list":["post-8288","product","type-product","status-publish","has-post-thumbnail","hentry","product_cat-adega-vidigueira-cuba-e-alvito-en","product_cat-alentejo-9","product_cat-vinha-maria-ana-en","product_cat-branco-en","product_tag-vinho-regional-alentejano-en","product_tag-vinho-branco-en","pa_ano-2018-en","pa_pt-azeite-cap-da-garrafa-750ml-en","pa_ptcap-da-garrafa-750-ml-en","pa_ptcategoria-1-vinho-regional-alentejano-3","pa_ptgama-vinha-maria-ana-en-2","pa_ptintensidade-encorpado-e-com-aromas-distintos-en","pa_pttipo-de-vinho-vinho-branco-3"],"_links":{"self":[{"href":"https:\/\/abegoaria.pt\/en\/wp-json\/wp\/v2\/product\/8288","targetHints":{"allow":["GET"]}}],"collection":[{"href":"https:\/\/abegoaria.pt\/en\/wp-json\/wp\/v2\/product"}],"about":[{"href":"https:\/\/abegoaria.pt\/en\/wp-json\/wp\/v2\/types\/product"}],"replies":[{"embeddable":true,"href":"https:\/\/abegoaria.pt\/en\/wp-json\/wp\/v2\/comments?post=8288"}],"wp:featuredmedia":[{"embeddable":true,"href":"https:\/\/abegoaria.pt\/en\/wp-json\/wp\/v2\/media\/6367"}],"wp:attachment":[{"href":"https:\/\/abegoaria.pt\/en\/wp-json\/wp\/v2\/media?parent=8288"}],"curies":[{"name":"wp","href":"https:\/\/api.w.org\/{rel}","templated":true}]}}