{"id":8298,"date":"2019-08-23T15:19:48","date_gmt":"2019-08-23T15:19:48","guid":{"rendered":"https:\/\/abegoaria.pt\/produto\/queijo-de-cabra-fesco\/"},"modified":"2019-11-29T00:24:51","modified_gmt":"2019-11-29T00:24:51","slug":"queijo-de-cabra-fesco","status":"publish","type":"product","link":"https:\/\/abegoaria.pt\/en\/produto\/queijo-de-cabra-fesco\/","title":{"rendered":"Queijo de Cabra Fresco"},"content":{"rendered":"<p>[vc_row][vc_column][vc_column_text]<a href=\"https:\/\/abegoaria.pt\/wp-content\/uploads\/2019\/08\/icons-3.svg\"><img decoding=\"async\" class=\"svg alignnone wp-image-2035 size-full\" src=\"https:\/\/abegoaria.pt\/wp-content\/uploads\/2019\/08\/icons-3.svg\" alt=\"\" width=\"48px\" height=\"48px\" \/><\/a><\/p>\n<h3>Caracteristicas do Queijo<\/h3>\n<table>\n<tbody>\n<tr>\n<td>Energia (Kcal\/100g)<\/td>\n<td>241<\/td>\n<\/tr>\n<tr>\n<td>Prote\u00edna (Kcal\/100g)<\/td>\n<td>18.6<\/td>\n<\/tr>\n<tr>\n<td>Hidratos (Kcal\/100g)<\/td>\n<td>0.8<\/td>\n<\/tr>\n<tr>\n<td>Gordura (g\/100g)<\/td>\n<td>18.1<\/td>\n<\/tr>\n<tr>\n<td>Sal (g\/100g)<\/td>\n<td>0.5<\/td>\n<\/tr>\n<tr>\n<td>Cura<\/td>\n<td>&#8211;<\/td>\n<\/tr>\n<tr>\n<td>Validade<\/td>\n<td>10 dias<\/td>\n<\/tr>\n<tr>\n<td>Conserva\u00e7\u00e3o<\/td>\n<td>0\u00baC a 5\u00baC<\/td>\n<\/tr>\n<tr>\n<td><\/td>\n<td><\/td>\n<\/tr>\n<\/tbody>\n<\/table>\n<p>Cont\u00e9m Lactose[\/vc_column_text][\/vc_column][\/vc_row][vc_row][vc_column][vc_column_text]<a href=\"https:\/\/abegoaria.pt\/wp-content\/uploads\/2019\/08\/icons-2.svg\"><img decoding=\"async\" class=\"svg alignnone wp-image-2036 size-full\" src=\"https:\/\/abegoaria.pt\/wp-content\/uploads\/2019\/08\/icons-2.svg\" alt=\"\" width=\"48px\" height=\"48px\" \/><\/a><\/p>\n<h3>Produ\u00e7\u00e3o<\/h3>\n<p>Queijo elaborado artesanalmente a partir de leite pasteurizado de cabra, de rebanhos selecionados e sanitariamente controlados, obtido pelo esgotamento lento da coalhada ap\u00f3s a coagula\u00e7\u00e3o do leite de cabra com coalho e sal.[\/vc_column_text][\/vc_column][\/vc_row][vc_row][vc_column][vc_column_text]<a href=\"https:\/\/abegoaria.pt\/wp-content\/uploads\/2019\/08\/3769fds81572.png\"><img loading=\"lazy\" decoding=\"async\" class=\"svg alignnone wp-image-2039 size-full\" src=\"https:\/\/abegoaria.pt\/wp-content\/uploads\/2019\/08\/3769fds81572.png\" alt=\"\" width=\"48\" height=\"46\" \/><\/a><\/p>\n<h3>Notas de Prova e Harmoniza\u00e7\u00e3o<\/h3>\n<p>Queijo de aroma ativo e persistente, de textura dura mas tenra, de branca e sabor intenso mas suave. \u00c9 ideal para aperitivo, entrada e pequeno snack, podendo ser consumido sozinho ou acompanhado com p\u00e3o. Pode ainda ser usado como ingrediente importante em saladas e outros pratos da dieta mediterr\u00e2nica.[\/vc_column_text][\/vc_column][\/vc_row]<\/p>\n","protected":false},"excerpt":{"rendered":"<p>Queijo de cabra fresco, elaborado artesanalmente pelas s\u00e1bias m\u00e3os das gentes de Barrancos, numa das terras mais interiores de Portugal. Queijo de cabra de mais baixas calorias.<\/p>\n","protected":false},"featured_media":6256,"comment_status":"open","ping_status":"closed","template":"","meta":[],"class_list":["post-8298","product","type-product","status-publish","has-post-thumbnail","hentry","product_cat-alentejo-8","product_cat-fresco-en","product_cat-queijo-de-cabra-en","product_tag-queijo-regional-alentejano-en","pa_ptformato-cilindrico-70-grs-pack-24","pa_ptgama-leite-de-cabra-de-pastagem-3","pa_ptleite-cabra-en","pa_ptpasta-mole-en","pa_ptpvp-rec-589e-en","pa_pttipo-de-queijo-fresco-3"],"_links":{"self":[{"href":"https:\/\/abegoaria.pt\/en\/wp-json\/wp\/v2\/product\/8298","targetHints":{"allow":["GET"]}}],"collection":[{"href":"https:\/\/abegoaria.pt\/en\/wp-json\/wp\/v2\/product"}],"about":[{"href":"https:\/\/abegoaria.pt\/en\/wp-json\/wp\/v2\/types\/product"}],"replies":[{"embeddable":true,"href":"https:\/\/abegoaria.pt\/en\/wp-json\/wp\/v2\/comments?post=8298"}],"wp:featuredmedia":[{"embeddable":true,"href":"https:\/\/abegoaria.pt\/en\/wp-json\/wp\/v2\/media\/6256"}],"wp:attachment":[{"href":"https:\/\/abegoaria.pt\/en\/wp-json\/wp\/v2\/media?parent=8298"}],"curies":[{"name":"wp","href":"https:\/\/api.w.org\/{rel}","templated":true}]}}